{"id":11269,"date":"2023-05-04T09:11:12","date_gmt":"2023-05-04T07:11:12","guid":{"rendered":"https:\/\/www.allnav.com\/?page_id=11269"},"modified":"2025-10-29T14:38:10","modified_gmt":"2025-10-29T13:38:10","slug":"klassenmarkierung-fuer-allnav-drohnen","status":"publish","type":"page","link":"https:\/\/www.allnav.com\/fr\/klassenmarkierung-fuer-allnav-drohnen\/","title":{"rendered":"Klassenmarkierung f\u00fcr ALLNAV Drohnen"},"content":{"rendered":"\t\t<div data-elementor-type=\"wp-page\" data-elementor-id=\"11269\" class=\"elementor elementor-11269\" data-elementor-post-type=\"page\">\n\t\t\t\t<div class=\"elementor-element elementor-element-3bc1a86c e-con-full e-flex e-con e-parent\" data-id=\"3bc1a86c\" data-element_type=\"container\" data-e-type=\"container\">\n\t\t\t\t<div class=\"elementor-element elementor-element-19e07d3c elementor-widget elementor-widget-text-editor\" data-id=\"19e07d3c\" data-element_type=\"widget\" data-e-type=\"widget\" data-widget_type=\"text-editor.default\">\n\t\t\t\t<div class=\"elementor-widget-container\">\n\t\t\t\t\t\t\t\t\t<h2>EU-Drohnenregulierung<\/h2><p>Seit dem 1. Januar 2023 gilt in der Schweiz die EU-Drohnenregulierung. Alle Einschr\u00e4nkungen und Vorschriften finden sie auf der Webseite des Bundesamtes f\u00fcr Zivilluftfahrt.<\/p><ul><li><span style=\"color: #000000;\"><a style=\"color: #000000;\" href=\"https:\/\/www.bazl.admin.ch\/bazl\/de\/home\/drohnen.html\" target=\"_blank\" rel=\"noopener\">Drohnen (admin.ch)<\/a><\/span><\/li><\/ul><p>Sobald nicht mehr in der<span style=\"color: #000000;\"> <a style=\"color: #000000;\" href=\"https:\/\/www.bazl.admin.ch\/bazl\/de\/home\/drohnen\/open.html\" target=\"_blank\" rel=\"noopener\">offenen Kategorie<\/a> <\/span>geflogen werden kann, braucht es eine Bewilligung. Hierzu empfehlen wir ihnen die Mitgliedschaft im Verein Drohnenbetrieb Geomatik Schweiz<\/p><ul><li><span style=\"color: #000000;\"><a style=\"color: #000000;\" href=\"https:\/\/vdgs.ch\/\" target=\"_blank\" rel=\"noopener\">Verein Drohnenbetrieb Geomatik Schweiz (vdgs.ch)<\/a><\/span><\/li><\/ul><h2>Klassenmarkierung<\/h2><p>Ein entscheidender Punkt der neuen Regulierung ist die Zuordnung einer Drohnenklasse f\u00fcr jegliche Drohnen. Diese Klassenmarkierung legt die Betriebsm\u00f6glichkeiten der Drohne sowie die Anforderungen an den Piloten oder die Pilotin fest.[\/vc_column_text][vc_single_image image=&#8220;11271&#8243; img_size=&#8220;full&#8220;][vc_column_text]Nach Ablauf der <span style=\"color: #000000;\"><a style=\"color: #000000;\" href=\"https:\/\/www.bazl.admin.ch\/bazl\/de\/home\/drohnen\/open\/uebergangskategorie_limited-open.html\" target=\"_blank\" rel=\"noopener\">\u00dcbergangsbestimmung<\/a><\/span> d\u00fcrfen nur noch Drohnen mit einer Klassenmarkierung betrieben werden.<\/p><p>Die neue Regulierung ist auch f\u00fcr die Hersteller eine grosse Herausforderung. Sie mussten die technischen Anforderungen umsetzten, die erst seit kurzem bekannt waren. Die Klassifizierung muss durch offizielle Pr\u00fcfstellen erfolgen, welche zurzeit stark \u00fcberlastet sind. Da die technischen und administrativen H\u00fcrden f\u00fcr die Hersteller sehr hoch sind, k\u00f6nnen sie nur ihre Hauptprodukte klassifizieren lassen. Auf den Ersten Blick scheint dies einen grossen Gewinn f\u00fcr die Hersteller zu sein, da sie neue Ger\u00e4te verkaufen k\u00f6nnen. Dies ist aber nicht so. Die neue Regulierung l\u00f6ste eine grosse Unsicherheit und Zur\u00fcckhaltung im Markt aus und viele Kunden werden keine Dienstleistungen mehr in diesem Bereich anbieten.<\/p><h2>Vorgehen<\/h2><p>Damit Sie auch nach Ablauf der <span style=\"color: #000000;\"><a style=\"color: #000000;\" href=\"https:\/\/www.bazl.admin.ch\/bazl\/de\/home\/drohnen\/open\/uebergangskategorie_limited-open.html\" target=\"_blank\" rel=\"noopener\">\u00dcbergangsbestimmung<\/a><\/span> weiterfliegen k\u00f6nnen, schlagen wir folgendes Vorgehen vor. <strong>Sie besitzen eine Drohne von AgEagle (SenseFly)<\/strong><\/p><table><tbody><tr><td style=\"width: 30%;\">Sie besitzen eine eBeeX, Lieferdatum nach dem 1.1.2022<\/td><td>Falls sie noch keine \u00abC2\u00bb Markierung im Batterienfach sehen, wenden sie sich bitte an uns. Wir informiert sie \u00fcber die weiteren Schritte. Es entstehen keine Kosten.<\/td><\/tr><tr><td style=\"width: 30%;\">Sie besitzen eine eBee X, Lieferdatum vor dem 1.1.2022<\/td><td>AgEagle bietet ein Trade-Up an. Sie erhalten einen komplett neuen Body und zus\u00e4tzlich wieder 12 Monate Garantie.<br \/>Kosten daf\u00fcr liegen bei 6&#8217;000.- Fr zzgl. MwSt. und Transport<\/td><\/tr><tr><td style=\"width: 30%;\">Sie besitzen eine eBee Plus, eBee Classic oder eine Albris<\/td><td>F\u00fcr diese Produkte ist es aus technischen Gr\u00fcnden nicht mehr m\u00f6glich eine Zertifizierung durchzuf\u00fchren.<\/td><\/tr><\/tbody><\/table><p><strong>Sie besitzen eine Drohne von DJI<\/strong><\/p><table><tbody><tr><td style=\"width: 30%;\">Sie besitzen eine DJI Mavic 3 Enterprise<\/td><td>F\u00fcr dieses Produkt ist die Zertifizierung noch in Bearbeitung. Wir erwarten eine \u00abC2\u00bb Klassifizierung sp\u00e4testens im Sommer 2023. Voraussichtlich wird eine Onlineregistrierung und ein Firmwareupdate ausreichen. Weiter Infos werden folgen.<\/td><\/tr><tr><td>Sie besitzen eine DJI Phantom 4 RTK<\/td><td>F\u00fcr diese Produkte ist es aus technischen Gr\u00fcnden nicht mehr m\u00f6glich eine Zertifizierung durchzuf\u00fchren. Wir empfehlen ihnen einen Wechsel auf die Mavic 3 Enterprise.<\/td><\/tr><\/tbody><\/table>\t\t\t\t\t\t\t\t<\/div>\n\t\t\t\t<\/div>\n\t\t\t\t<\/div>\n\t\t\t\t<\/div>\n\t\t","protected":false},"excerpt":{"rendered":"<p>EU-Drohnenregulierung Seit dem 1. Januar 2023 gilt in der Schweiz die EU-Drohnenregulierung. Alle Einschr\u00e4nkungen und Vorschriften finden sie auf der Webseite des Bundesamtes f\u00fcr Zivilluftfahrt. Drohnen (admin.ch) Sobald nicht mehr in der offenen Kategorie geflogen werden kann, braucht es eine Bewilligung. Hierzu empfehlen wir ihnen die Mitgliedschaft im Verein Drohnenbetrieb Geomatik Schweiz Verein Drohnenbetrieb Geomatik [&hellip;]<\/p>\n","protected":false},"author":1,"featured_media":0,"parent":0,"menu_order":0,"comment_status":"closed","ping_status":"closed","template":"elementor_header_footer","meta":{"footnotes":""},"class_list":["post-11269","page","type-page","status-publish","hentry"],"yoast_head":"<!-- This site is optimized with the Yoast SEO Premium plugin v27.4 (Yoast SEO v27.4) - https:\/\/yoast.com\/product\/yoast-seo-premium-wordpress\/ -->\n<title>Klassenmarkierung f\u00fcr ALLNAV Drohnen<\/title>\n<meta name=\"description\" content=\"Seit dem 1. Januar 2023 gilt in der Schweiz die EU-Drohnenregulierung. Alle Einschr\u00e4nkungen und Vorschriften finden sie auf der Webseite des Bundesamtes f\u00fcr Zivilluftfahrt.\" \/>\n<meta name=\"robots\" content=\"index, follow, max-snippet:-1, max-image-preview:large, max-video-preview:-1\" \/>\n<link rel=\"canonical\" href=\"https:\/\/www.allnav.com\/fr\/klassenmarkierung-fuer-allnav-drohnen\/\" \/>\n<meta property=\"og:locale\" content=\"fr_FR\" \/>\n<meta property=\"og:type\" content=\"article\" \/>\n<meta property=\"og:title\" content=\"Klassenmarkierung f\u00fcr ALLNAV Drohnen\" \/>\n<meta property=\"og:description\" content=\"Seit dem 1. Januar 2023 gilt in der Schweiz die EU-Drohnenregulierung. Alle Einschr\u00e4nkungen und Vorschriften finden sie auf der Webseite des Bundesamtes f\u00fcr Zivilluftfahrt.\" \/>\n<meta property=\"og:url\" content=\"https:\/\/www.allnav.com\/fr\/klassenmarkierung-fuer-allnav-drohnen\/\" \/>\n<meta property=\"og:site_name\" content=\"ALLNAV\" \/>\n<meta property=\"article:modified_time\" content=\"2025-10-29T13:38:10+00:00\" \/>\n<meta name=\"twitter:card\" content=\"summary_large_image\" \/>\n<meta name=\"twitter:label1\" content=\"Dur\u00e9e de lecture estim\u00e9e\" \/>\n\t<meta name=\"twitter:data1\" content=\"3 minutes\" \/>\n<script type=\"application\/ld+json\" class=\"yoast-schema-graph\">{\"@context\":\"https:\\\/\\\/schema.org\",\"@graph\":[{\"@type\":\"WebPage\",\"@id\":\"https:\\\/\\\/www.allnav.com\\\/klassenmarkierung-fuer-allnav-drohnen\\\/\",\"url\":\"https:\\\/\\\/www.allnav.com\\\/klassenmarkierung-fuer-allnav-drohnen\\\/\",\"name\":\"Klassenmarkierung f\u00fcr ALLNAV Drohnen\",\"isPartOf\":{\"@id\":\"https:\\\/\\\/www.allnav.com\\\/#website\"},\"datePublished\":\"2023-05-04T07:11:12+00:00\",\"dateModified\":\"2025-10-29T13:38:10+00:00\",\"description\":\"Seit dem 1. Januar 2023 gilt in der Schweiz die EU-Drohnenregulierung. Alle Einschr\u00e4nkungen und Vorschriften finden sie auf der Webseite des Bundesamtes f\u00fcr Zivilluftfahrt.\",\"breadcrumb\":{\"@id\":\"https:\\\/\\\/www.allnav.com\\\/klassenmarkierung-fuer-allnav-drohnen\\\/#breadcrumb\"},\"inLanguage\":\"fr-FR\",\"potentialAction\":[{\"@type\":\"ReadAction\",\"target\":[\"https:\\\/\\\/www.allnav.com\\\/klassenmarkierung-fuer-allnav-drohnen\\\/\"]}]},{\"@type\":\"BreadcrumbList\",\"@id\":\"https:\\\/\\\/www.allnav.com\\\/klassenmarkierung-fuer-allnav-drohnen\\\/#breadcrumb\",\"itemListElement\":[{\"@type\":\"ListItem\",\"position\":1,\"name\":\"Startseite\",\"item\":\"https:\\\/\\\/www.allnav.com\\\/\"},{\"@type\":\"ListItem\",\"position\":2,\"name\":\"Klassenmarkierung f\u00fcr ALLNAV Drohnen\"}]},{\"@type\":\"WebSite\",\"@id\":\"https:\\\/\\\/www.allnav.com\\\/#website\",\"url\":\"https:\\\/\\\/www.allnav.com\\\/\",\"name\":\"ALLNAV\",\"description\":\"L\u00f6sungen und Systeme f\u00fcr Vermessungsprofis\",\"publisher\":{\"@id\":\"https:\\\/\\\/www.allnav.com\\\/#organization\"},\"potentialAction\":[{\"@type\":\"SearchAction\",\"target\":{\"@type\":\"EntryPoint\",\"urlTemplate\":\"https:\\\/\\\/www.allnav.com\\\/?s={search_term_string}\"},\"query-input\":{\"@type\":\"PropertyValueSpecification\",\"valueRequired\":true,\"valueName\":\"search_term_string\"}}],\"inLanguage\":\"fr-FR\"},{\"@type\":\"Organization\",\"@id\":\"https:\\\/\\\/www.allnav.com\\\/#organization\",\"name\":\"ALLNAV\",\"url\":\"https:\\\/\\\/www.allnav.com\\\/\",\"logo\":{\"@type\":\"ImageObject\",\"inLanguage\":\"fr-FR\",\"@id\":\"https:\\\/\\\/www.allnav.com\\\/#\\\/schema\\\/logo\\\/image\\\/\",\"url\":\"https:\\\/\\\/www.allnav.com\\\/wp-content\\\/uploads\\\/2020\\\/01\\\/allnav.png\",\"contentUrl\":\"https:\\\/\\\/www.allnav.com\\\/wp-content\\\/uploads\\\/2020\\\/01\\\/allnav.png\",\"width\":506,\"height\":152,\"caption\":\"ALLNAV\"},\"image\":{\"@id\":\"https:\\\/\\\/www.allnav.com\\\/#\\\/schema\\\/logo\\\/image\\\/\"}}]}<\/script>\n<!-- \/ Yoast SEO Premium plugin. -->","yoast_head_json":{"title":"Klassenmarkierung f\u00fcr ALLNAV Drohnen","description":"Depuis le 1er janvier 2023, la r\u00e9glementation europ\u00e9enne sur les drones est applicable en Suisse. Vous trouverez toutes les restrictions et r\u00e9glementations sur le site de l\u2019Office f\u00e9d\u00e9ral de l\u2019aviation civile.","robots":{"index":"index","follow":"follow","max-snippet":"max-snippet:-1","max-image-preview":"max-image-preview:large","max-video-preview":"max-video-preview:-1"},"canonical":"https:\/\/www.allnav.com\/fr\/klassenmarkierung-fuer-allnav-drohnen\/","og_locale":"fr_FR","og_type":"article","og_title":"Klassenmarkierung f\u00fcr ALLNAV Drohnen","og_description":"Seit dem 1. Januar 2023 gilt in der Schweiz die EU-Drohnenregulierung. Alle Einschr\u00e4nkungen und Vorschriften finden sie auf der Webseite des Bundesamtes f\u00fcr Zivilluftfahrt.","og_url":"https:\/\/www.allnav.com\/fr\/klassenmarkierung-fuer-allnav-drohnen\/","og_site_name":"ALLNAV","article_modified_time":"2025-10-29T13:38:10+00:00","twitter_card":"summary_large_image","twitter_misc":{"Dur\u00e9e de lecture estim\u00e9e":"3 minutes"},"schema":{"@context":"https:\/\/schema.org","@graph":[{"@type":"WebPage","@id":"https:\/\/www.allnav.com\/klassenmarkierung-fuer-allnav-drohnen\/","url":"https:\/\/www.allnav.com\/klassenmarkierung-fuer-allnav-drohnen\/","name":"Klassenmarkierung f\u00fcr ALLNAV Drohnen","isPartOf":{"@id":"https:\/\/www.allnav.com\/#website"},"datePublished":"2023-05-04T07:11:12+00:00","dateModified":"2025-10-29T13:38:10+00:00","description":"Depuis le 1er janvier 2023, la r\u00e9glementation europ\u00e9enne sur les drones est applicable en Suisse. Vous trouverez toutes les restrictions et r\u00e9glementations sur le site de l\u2019Office f\u00e9d\u00e9ral de l\u2019aviation civile.","breadcrumb":{"@id":"https:\/\/www.allnav.com\/klassenmarkierung-fuer-allnav-drohnen\/#breadcrumb"},"inLanguage":"fr-FR","potentialAction":[{"@type":"ReadAction","target":["https:\/\/www.allnav.com\/klassenmarkierung-fuer-allnav-drohnen\/"]}]},{"@type":"BreadcrumbList","@id":"https:\/\/www.allnav.com\/klassenmarkierung-fuer-allnav-drohnen\/#breadcrumb","itemListElement":[{"@type":"ListItem","position":1,"name":"Startseite","item":"https:\/\/www.allnav.com\/"},{"@type":"ListItem","position":2,"name":"Klassenmarkierung f\u00fcr ALLNAV Drohnen"}]},{"@type":"WebSite","@id":"https:\/\/www.allnav.com\/#website","url":"https:\/\/www.allnav.com\/","name":"ALLNAV","description":"L\u00f6sungen und Systeme f\u00fcr Vermessungsprofis","publisher":{"@id":"https:\/\/www.allnav.com\/#organization"},"potentialAction":[{"@type":"SearchAction","target":{"@type":"EntryPoint","urlTemplate":"https:\/\/www.allnav.com\/?s={search_term_string}"},"query-input":{"@type":"PropertyValueSpecification","valueRequired":true,"valueName":"search_term_string"}}],"inLanguage":"fr-FR"},{"@type":"Organization","@id":"https:\/\/www.allnav.com\/#organization","name":"ALLNAV","url":"https:\/\/www.allnav.com\/","logo":{"@type":"ImageObject","inLanguage":"fr-FR","@id":"https:\/\/www.allnav.com\/#\/schema\/logo\/image\/","url":"https:\/\/www.allnav.com\/wp-content\/uploads\/2020\/01\/allnav.png","contentUrl":"https:\/\/www.allnav.com\/wp-content\/uploads\/2020\/01\/allnav.png","width":506,"height":152,"caption":"ALLNAV"},"image":{"@id":"https:\/\/www.allnav.com\/#\/schema\/logo\/image\/"}}]}},"_links":{"self":[{"href":"https:\/\/www.allnav.com\/fr\/wp-json\/wp\/v2\/pages\/11269","targetHints":{"allow":["GET"]}}],"collection":[{"href":"https:\/\/www.allnav.com\/fr\/wp-json\/wp\/v2\/pages"}],"about":[{"href":"https:\/\/www.allnav.com\/fr\/wp-json\/wp\/v2\/types\/page"}],"author":[{"embeddable":true,"href":"https:\/\/www.allnav.com\/fr\/wp-json\/wp\/v2\/users\/1"}],"replies":[{"embeddable":true,"href":"https:\/\/www.allnav.com\/fr\/wp-json\/wp\/v2\/comments?post=11269"}],"version-history":[{"count":0,"href":"https:\/\/www.allnav.com\/fr\/wp-json\/wp\/v2\/pages\/11269\/revisions"}],"wp:attachment":[{"href":"https:\/\/www.allnav.com\/fr\/wp-json\/wp\/v2\/media?parent=11269"}],"curies":[{"name":"wp","href":"https:\/\/api.w.org\/{rel}","templated":true}]}}